{"id":57375,"date":"2018-06-21T16:37:48","date_gmt":"2018-06-21T16:37:48","guid":{"rendered":"http:\/\/proves.seminaritaifa.org\/?page_id=57375"},"modified":"2022-01-08T18:10:59","modified_gmt":"2022-01-08T18:10:59","slug":"llibres","status":"publish","type":"page","link":"https:\/\/seminaritaifa.org\/taifa\/publicacions\/llibres\/","title":{"rendered":"Llibres"},"content":{"rendered":"<section class=\"av_textblock_section \"  itemscope=\"itemscope\" itemtype=\"https:\/\/schema.org\/CreativeWork\" ><div class='avia_textblock  '   itemprop=\"text\" ><h2>Llibres<\/h2>\n<\/div><\/section>\n<div  class='av-catalogue-container   avia-builder-el-1  el_after_av_textblock  avia-builder-el-last '><ul class='av-catalogue-list'>\n<li><a href='https:\/\/seminaritaifa.org\/taifa\/publicacions\/llibres\/antropoceno-reproduccion-de-capital-y-comunismo\/'  class='av-catalogue-item'><div class='av-catalogue-item-inner'><div class='av-catalogue-title-container'><div class='av-catalogue-title'>2021: Antropoceno. Reproducci\u00f3n de capital y comunismo.<\/div><div class='av-catalogue-price'><\/div><\/div><div class=\"av-catalogue-content\">\n<img loading=\"lazy\" decoding=\"async\" class=\"alignleft wp-image-60866\" src=\"https:\/\/seminaritaifa.org\/taifa\/wp-content\/uploads\/2021\/06\/Antropoceno._Reproduccion_de_capital_y_comunismo_-_Portada_419-194x300.jpg\" alt=\"Antropoceno. Reproduccion de capital y comunismo\" width=\"150\" height=\"232\" srcset=\"https:\/\/seminaritaifa.org\/taifa\/wp-content\/uploads\/2021\/06\/Antropoceno._Reproduccion_de_capital_y_comunismo_-_Portada_419-194x300.jpg 194w, https:\/\/seminaritaifa.org\/taifa\/wp-content\/uploads\/2021\/06\/Antropoceno._Reproduccion_de_capital_y_comunismo_-_Portada_419-455x705.jpg 455w, https:\/\/seminaritaifa.org\/taifa\/wp-content\/uploads\/2021\/06\/Antropoceno._Reproduccion_de_capital_y_comunismo_-_Portada_419.jpg 472w\" sizes=\"auto, (max-width: 150px) 100vw, 150px\" \/>El Antropoceno se\u00f1ala una nueva \u00e9poca en la historia de la Tierra caracterizada por una crisis planetaria que va m\u00e1s all\u00e1 del cambio clim\u00e1tico e indica una situaci\u00f3n de emergencia global. El presente trabajo sostiene la tesis de que 1) el Antropoceno tiene su origen y desarrollo en el modo de producci\u00f3n capitalista basado en la reproducci\u00f3n de capital, 2) que la crisis planetaria del Antropoceno es inmanente a este modo de producci\u00f3n y 3) que no es posible atajar esta crisis dentro de los l\u00edmites del capital.<\/p>\n<p><a href=\"https:\/\/seminaritaifa.org\/taifa\/antropoceno-reproduccion-de-capital-y-comunismo\/\">M\u00e9s informaci\u00f3&#8230;<\/a><br \/>\n<\/div><\/div><\/a><\/li>\n<li><a href='https:\/\/seminaritaifa.org\/taifa\/publicacions\/llibres\/el-cuento-de-las-pensiones\/'  class='av-catalogue-item'><div class='av-catalogue-item-inner'><div class='av-catalogue-title-container'><div class='av-catalogue-title'>2019: El Cuento de las Pensiones<\/div><div class='av-catalogue-price'><\/div><\/div><div class=\"av-catalogue-content\">\n<img loading=\"lazy\" decoding=\"async\" class=\"wp-image-61077 size-medium alignleft\" src=\"https:\/\/seminaritaifa.org\/taifa\/wp-content\/uploads\/2022\/01\/elcuentodelaspensiones-175x300.gif\" alt=\"Im\u00e1gen de portada: El cuento de las pensiones\" width=\"175\" height=\"300\" \/><\/p>\n<div class=\"flex_column av_two_third flex_column_div av-zero-column-padding avia-builder-el-2 el_after_av_one_third avia-builder-el-last \">\n<section class=\"av_textblock_section \">\n<div class=\"avia_textblock \">\n<p>La \u00abcrisis\u00bb de las pensiones no es una cuesti\u00f3n de problemas financieros sino de c\u00f3mo se distribuye la riqueza generada por todos. La \u00abcrisis\u00bb de las pensiones es una construcci\u00f3n social deliberada, m\u00e1s que cualquier otro cuento.<\/p>\n<\/div>\n<\/section>\n<\/div>\n<p><a href=\"https:\/\/seminaritaifa.org\/taifa\/publicacions\/llibres\/el-cuento-de-las-pensiones\">M\u00e9s informaci\u00f3&#8230;<\/a><br \/>\n<\/div><\/div><\/a><\/li>\n<li><a href='https:\/\/seminaritaifa.org\/taifa\/publicacions\/llibres\/la-mochila-austriaca-que-supone-el-modelo-de-pensiones-e-indemnizaciones-de-la-derecha-europea\/'  class='av-catalogue-item'><div class='av-catalogue-item-inner'><div class='av-catalogue-title-container'><div class='av-catalogue-title'>2019: La mochila austriaca<\/div><div class='av-catalogue-price'><\/div><\/div><div class=\"av-catalogue-content\">\n<img loading=\"lazy\" decoding=\"async\" class=\"wp-image-61083 size-medium alignleft\" src=\"https:\/\/seminaritaifa.org\/taifa\/wp-content\/uploads\/2022\/01\/lamochilaaustriaca-200x300.jpg\" alt=\"Imagen de portada: la mochila austriaca\" width=\"200\" height=\"300\" srcset=\"https:\/\/seminaritaifa.org\/taifa\/wp-content\/uploads\/2022\/01\/lamochilaaustriaca-200x300.jpg 200w, https:\/\/seminaritaifa.org\/taifa\/wp-content\/uploads\/2022\/01\/lamochilaaustriaca.jpg 469w\" sizes=\"auto, (max-width: 200px) 100vw, 200px\" \/>La mochila austriaca tiene consecuencias importantes para las relaciones laborales. Es necesario profundizar en sus efectos en los trabajadores y en las empresas. Analizar qu\u00e9 supone para las indemnizaciones de despido, para las pensiones y los proyectos de privatizarlas, c\u00f3mo se va a financiar, c\u00f3mo se garantizan los fondos, etc. De nuestro an\u00e1lisis se desprende que la implantaci\u00f3n de la mochila puede ser muy negativa para los trabajadores.<\/p>\n<p><a href=\"https:\/\/seminaritaifa.org\/taifa\/publicacions\/llibres\/la-mochila-austriaca-que-supone-el-modelo-de-pensiones-e-indemnizaciones-de-la-derecha-europea\/\">M\u00e9s informaci\u00f3&#8230;<\/a><br \/>\n<\/div><\/div><\/a><\/li>\n<li><a href='https:\/\/seminaritaifa.org\/taifa\/publicacions\/llibres\/economia-critica-a-laula\/'  class='av-catalogue-item'><div class='av-catalogue-item-inner'><div class='av-catalogue-title-container'><div class='av-catalogue-title'>2019: Economia cr\u00edtica a l\u2019aula<\/div><div class='av-catalogue-price'><\/div><\/div><div class=\"av-catalogue-content\">\n<p data-wp-editing=\"1\"><img loading=\"lazy\" decoding=\"async\" class=\"alignleft wp-image-60230\" src=\"https:\/\/seminaritaifa.org\/taifa\/wp-content\/uploads\/2021\/02\/foto2-2-207x300.jpg\" alt=\"Economia cr\u00edtica a l'aula\" width=\"150\" height=\"217\" srcset=\"https:\/\/seminaritaifa.org\/taifa\/wp-content\/uploads\/2021\/02\/foto2-2-207x300.jpg 207w, https:\/\/seminaritaifa.org\/taifa\/wp-content\/uploads\/2021\/02\/foto2-2-711x1030.jpg 711w, https:\/\/seminaritaifa.org\/taifa\/wp-content\/uploads\/2021\/02\/foto2-2-768x1112.jpg 768w, https:\/\/seminaritaifa.org\/taifa\/wp-content\/uploads\/2021\/02\/foto2-2-1060x1536.jpg 1060w, https:\/\/seminaritaifa.org\/taifa\/wp-content\/uploads\/2021\/02\/foto2-2-1414x2048.jpg 1414w, https:\/\/seminaritaifa.org\/taifa\/wp-content\/uploads\/2021\/02\/foto2-2-1036x1500.jpg 1036w, https:\/\/seminaritaifa.org\/taifa\/wp-content\/uploads\/2021\/02\/foto2-2-487x705.jpg 487w, https:\/\/seminaritaifa.org\/taifa\/wp-content\/uploads\/2021\/02\/foto2-2-scaled.jpg 1767w\" sizes=\"auto, (max-width: 150px) 100vw, 150px\" \/>En un moment en qu\u00e8 la racionalitat neoliberal ho impregna tot &#8211; des de l\u2019Acad\u00e8mia fins a l\u2019alumnat que rep les indicacions d\u2019un professorat reproductor del discurs \u2013 hem considerat important elaborar un material d\u2019economia cr\u00edtica que permeti interpretar la realitat des d\u2019una perspectiva diferent.<\/p>\n<p><a href=\"\/taifa\/economia-critica-a-laula\/\">M\u00e9s informaci\u00f3&#8230;<\/a><br \/>\n<\/div><\/div><\/a><\/li>\n<li><a href='https:\/\/seminaritaifa.org\/taifa\/publicacions\/llibres\/dialeg-amb-el-capital-de-marx\/'  class='av-catalogue-item'><div class='av-catalogue-item-inner'><div class='av-catalogue-title-container'><div class='av-catalogue-title'>2018: Di\u00e0leg amb el Capital<\/div><div class='av-catalogue-price'><\/div><\/div><div class=\"av-catalogue-content\">\n<img loading=\"lazy\" decoding=\"async\" class=\"alignleft wp-image-60845\" src=\"https:\/\/seminaritaifa.org\/taifa\/wp-content\/uploads\/2021\/05\/dialeg-amb-el-capital-de-marx-186x300.jpg\" alt=\"Dialeg Amb El Capital De Marx\" width=\"150\" height=\"242\" srcset=\"https:\/\/seminaritaifa.org\/taifa\/wp-content\/uploads\/2021\/05\/dialeg-amb-el-capital-de-marx-186x300.jpg 186w, https:\/\/seminaritaifa.org\/taifa\/wp-content\/uploads\/2021\/05\/dialeg-amb-el-capital-de-marx.jpg 297w\" sizes=\"auto, (max-width: 150px) 100vw, 150px\" \/>A hores d\u2019ara, i despr\u00e9s d\u2019uns anys de declivi, observem un nou inter\u00e8s per l\u2019obra de Marx: els arxius dels seus escrits es baixen cada dia des d\u2019Internet i els seus llibres es tradueixen i publiquen en gaireb\u00e9 totes les lleng\u00fces. Els seus conceptes m\u00e9s sucosos (teoria del valor, plusv\u00e0lua, acumulaci\u00f3, formes i composici\u00f3 del capital, taxa decreixent de guany, renda de la terra&#8230;) s\u2019estudien i amplien a tort i a dret. Di\u00e0leg amb El Capital de Marx aplega un conjunt d&#8217;explicacions, esquemes i exemples pr\u00e0ctics que permeten endinsar-nos en la lectura ordenada dels vint-i-cinc cap\u00edtols del llibre primer d&#8217;El capital, l\u2019\u00fanic que va sortir d\u2019impremta en vida del revolucionari alemany.<\/p>\n<p><a href=\"\/publicacions\/llibres\/dialeg-amb-el-capital-de-marx\/\">M\u00e9s informaci\u00f3&#8230;<\/a><br \/>\n<\/div><\/div><\/a><\/li>\n<li><a href='https:\/\/seminaritaifa.org\/taifa\/publicacions\/llibres\/sobiranies\/'  class='av-catalogue-item'><div class='av-catalogue-item-inner'><div class='av-catalogue-title-container'><div class='av-catalogue-title'>2017: Sobiranies, una proposta contra el capitalisme<\/div><div class='av-catalogue-price'><\/div><\/div><div class=\"av-catalogue-content\">\n<img loading=\"lazy\" decoding=\"async\" class=\"wp-image-57556 alignleft\" src=\"https:\/\/seminaritaifa.org\/files\/2018\/06\/9788449331619-2-e1530184450366.jpg\" alt=\"\" width=\"150\" height=\"234\" srcset=\"https:\/\/seminaritaifa.org\/taifa\/wp-content\/uploads\/2018\/06\/9788449331619-2-e1530184450366.jpg 506w, https:\/\/seminaritaifa.org\/taifa\/wp-content\/uploads\/2018\/06\/9788449331619-2-e1530184450366-193x300.jpg 193w, https:\/\/seminaritaifa.org\/taifa\/wp-content\/uploads\/2018\/06\/9788449331619-2-e1530184450366-453x705.jpg 453w\" sizes=\"auto, (max-width: 150px) 100vw, 150px\" \/>\u00c9s un llibre escrit per un grup de persones membres del\u00a0Seminari d\u2019Economia Cr\u00edtica Taifa i el seu entorn amb propostes trencadores per guanyar sobirania en el proc\u00e9s de transformaci\u00f3 social anticapitalista. Estem vivint di\u00e0riament en un sistema que es reinventa a cada segon per perpetuar-se. Amb un capital obligat a destinar tota la riquesa social a la seva pr\u00f2pia reproducci\u00f3, podria semblar que nom\u00e9s tenim dues alternatives: complir les restriccions que imposa la gesti\u00f3 del capital (pagament del deute, control d\u00e8ficit, privatitzacions&#8230;) o una mera gesti\u00f3 progressista de la mis\u00e8ria (transpar\u00e8ncia, fiscalitat progressiva&#8230;).<\/p>\n<p><a href=\"\/taifa\/publicacions\/llibres\/sobiranies\/\">M\u00e9s informaci\u00f3&#8230;<\/a><br \/>\n<\/div><\/div><\/a><\/li>\n<li><a href='https:\/\/seminaritaifa.org\/taifa\/publicacions\/llibres\/para-que-sirve-realmente-la-economia\/'  class='av-catalogue-item'><div class='av-catalogue-item-inner'><div class='av-catalogue-title-container'><div class='av-catalogue-title'>2015:  \u00bfPara qu\u00e9 sirve realmente la econom\u00eda?<\/div><div class='av-catalogue-price'><\/div><\/div><div class=\"av-catalogue-content\">\n<img loading=\"lazy\" decoding=\"async\" class=\"alignleft wp-image-60846\" src=\"https:\/\/seminaritaifa.org\/taifa\/wp-content\/uploads\/2021\/05\/paraque\u0301sirvelaeconomi\u0301a-214x300.jpg\" alt=\"\u00bfPara qu\u00e9 sirve realmente la econom\u00eda? - Miren Etxezarreta\" width=\"150\" height=\"210\" srcset=\"https:\/\/seminaritaifa.org\/taifa\/wp-content\/uploads\/2021\/05\/paraque\u0301sirvelaeconomi\u0301a-214x300.jpg 214w, https:\/\/seminaritaifa.org\/taifa\/wp-content\/uploads\/2021\/05\/paraque\u0301sirvelaeconomi\u0301a-503x705.jpg 503w, https:\/\/seminaritaifa.org\/taifa\/wp-content\/uploads\/2021\/05\/paraque\u0301sirvelaeconomi\u0301a.jpg 571w\" sizes=\"auto, (max-width: 150px) 100vw, 150px\" \/>Miren Etxezarreta expone los conceptos fundamentales de la econom\u00eda y repasa las teor\u00edas econ\u00f3micas m\u00e1s importantes, as\u00ed como las premisas principales de la econom\u00eda cr\u00edtica. Asimismo explica el origen de la actual crisis, los efectos de la globalizaci\u00f3n y la expansi\u00f3n del capital financiero, y propone un modelo basado en el potencial de los economistas para asumir un papel comprometido con una sociedad m\u00e1s justa y orientado hacia el bien com\u00fan.<\/p>\n<p><a href=\"\/taifa\/llibres\/para-que-sirve-realmente-la-economia\/\">M\u00e9s informaci\u00f3&#8230;.<\/a><br \/>\n<\/div><\/div><\/a><\/li>\n<li><a href='https:\/\/seminaritaifa.org\/taifa\/publicacions\/llibres\/que-hacemos-con-el-paro\/'  class='av-catalogue-item'><div class='av-catalogue-item-inner'><div class='av-catalogue-title-container'><div class='av-catalogue-title'>2014: Qu\u00e9 hacemos con el paro<\/div><div class='av-catalogue-price'><\/div><\/div><div class=\"av-catalogue-content\">\n<img loading=\"lazy\" decoding=\"async\" class=\"alignleft wp-image-60847\" src=\"https:\/\/seminaritaifa.org\/taifa\/wp-content\/uploads\/2021\/05\/que-hacemos-con-el-paro-195x300.jpg\" alt=\"\u00bfQu\u00e9 hacemos con el paro?\" width=\"150\" height=\"231\" srcset=\"https:\/\/seminaritaifa.org\/taifa\/wp-content\/uploads\/2021\/05\/que-hacemos-con-el-paro-195x300.jpg 195w, https:\/\/seminaritaifa.org\/taifa\/wp-content\/uploads\/2021\/05\/que-hacemos-con-el-paro.jpg 325w\" sizes=\"auto, (max-width: 150px) 100vw, 150px\" \/>Desde 2007 se han destruido 3,8 millones de empleos en Espa\u00f1a. Se suman a los casi dos millones de parados que hab\u00eda en los a\u00f1os de crecimiento, efecto de un modelo productivo que siempre mantuvo altas tasas de paro y que, cuando creaba empleo, era temporal y de bajos salarios. La llamada \u201ccrisis\u201d ha tenido un dram\u00e1tico coste en desempleo, agravado por la pol\u00edtica europea de austeridad y recortes. Los economistas ortodoxos sostienen que la soluci\u00f3n pasa por m\u00e1s desregulaci\u00f3n y m\u00e1s devaluaci\u00f3n salarial.<\/p>\n<p><a href=\"\/taifa\/llibres\/que-hacemos-con-el-paro\/\">M\u00e9s informaci\u00f3&#8230;<\/a><br \/>\n<\/div><\/div><\/a><\/li>\n<li><a href='https:\/\/seminaritaifa.org\/taifa\/publicacions\/llibres\/fre-demergencia\/'  class='av-catalogue-item'><div class='av-catalogue-item-inner'><div class='av-catalogue-title-container'><div class='av-catalogue-title'>2014: Fre d\u2019emerg\u00e8ncia. Conversa entre Pau Llonch i Josep Manel BusquetaList Title<\/div><div class='av-catalogue-price'><\/div><\/div><div class=\"av-catalogue-content\">\n<img loading=\"lazy\" decoding=\"async\" class=\"alignleft wp-image-60848\" src=\"https:\/\/seminaritaifa.org\/taifa\/wp-content\/uploads\/2021\/05\/fre-demergencia-pau-josep-187x300.jpg\" alt=\"Fr\u00e9 d'emergencia\" width=\"150\" height=\"241\" srcset=\"https:\/\/seminaritaifa.org\/taifa\/wp-content\/uploads\/2021\/05\/fre-demergencia-pau-josep-187x300.jpg 187w, https:\/\/seminaritaifa.org\/taifa\/wp-content\/uploads\/2021\/05\/fre-demergencia-pau-josep.jpg 311w\" sizes=\"auto, (max-width: 150px) 100vw, 150px\" \/><\/p>\n<p>Pau Llonch i Josep Manel Busqueta, tots dos del Seminari d\u2019Economia Cr\u00edtica Taifa, proposen activar un fre d\u2019emerg\u00e8ncia que aturi aquesta vor\u00e0gine. La revoluci\u00f3, amb tota la seva complexitat i senzillesa, ha de ser aquest fre que aturi en sec el sistema. Ni abaixar la velocitat ni prendre una altra via s\u00f3n opcions per als dos autors: el capitalisme no \u00e9s reformable. Analitzen el sistema econ\u00f2mic actual sense concessions, reivindicant l\u2019economia pol\u00edtica i el marxisme com a eines d\u2019an\u00e0lisi clau.<\/p>\n<p><a href=\"\/taifa\/llibres\/fre-demergencia\/\">M\u00e9s informaci\u00f3&#8230;<\/a><br \/>\n<\/div><\/div><\/a><\/li>\n<li><a href='https:\/\/seminaritaifa.org\/taifa\/publicacions\/llibres\/taifa-a-discrecio\/'  class='av-catalogue-item'><div class='av-catalogue-item-inner'><div class='av-catalogue-title-container'><div class='av-catalogue-title'>2014:  Taifa a discreci\u00f3! reflexions cr\u00edtiques per l\u2019acci\u00f3<\/div><div class='av-catalogue-price'><\/div><\/div><div class=\"av-catalogue-content\">\n<img loading=\"lazy\" decoding=\"async\" class=\"alignleft wp-image-60302\" src=\"https:\/\/seminaritaifa.org\/taifa\/wp-content\/uploads\/2021\/02\/taifadiscrecio-copia-212x300.jpg\" alt=\"Taifa A Discreci\u00f3\" width=\"150\" height=\"212\" srcset=\"https:\/\/seminaritaifa.org\/taifa\/wp-content\/uploads\/2021\/02\/taifadiscrecio-copia-212x300.jpg 212w, https:\/\/seminaritaifa.org\/taifa\/wp-content\/uploads\/2021\/02\/taifadiscrecio-copia-728x1030.jpg 728w, https:\/\/seminaritaifa.org\/taifa\/wp-content\/uploads\/2021\/02\/taifadiscrecio-copia-768x1086.jpg 768w, https:\/\/seminaritaifa.org\/taifa\/wp-content\/uploads\/2021\/02\/taifadiscrecio-copia-1086x1536.jpg 1086w, https:\/\/seminaritaifa.org\/taifa\/wp-content\/uploads\/2021\/02\/taifadiscrecio-copia-1448x2048.jpg 1448w, https:\/\/seminaritaifa.org\/taifa\/wp-content\/uploads\/2021\/02\/taifadiscrecio-copia-1060x1500.jpg 1060w, https:\/\/seminaritaifa.org\/taifa\/wp-content\/uploads\/2021\/02\/taifadiscrecio-copia-498x705.jpg 498w, https:\/\/seminaritaifa.org\/taifa\/wp-content\/uploads\/2021\/02\/taifadiscrecio-copia-scaled.jpg 1810w\" sizes=\"auto, (max-width: 150px) 100vw, 150px\" \/>En motiu de la celebraci\u00f3 del 20\u00e9 aniversari de Taifa, hem fet una recopilaci\u00f3 d\u2019articles publicats en premsa i revistes per part de membres del seminari Taifa en els darrers anys. El recull creiem que constitueix una panor\u00e0mica d\u2019aquests anys de crisi econ\u00f2mica des del prisma cr\u00edtic del seminari Taifa.<\/p>\n<p><a href=\"\/taifa\/publicacions\/llibres\/taifa-a-discrecio\/\">M\u00e9s informaci\u00f3&#8230;<\/a><br \/>\n<\/div><\/div><\/a><\/li>\n<li><a href='https:\/\/seminaritaifa.org\/taifa\/publicacions\/llibres\/planeta-carrona\/'  class='av-catalogue-item'><div class='av-catalogue-item-inner'><div class='av-catalogue-title-container'><div class='av-catalogue-title'>2014: Planeta Carro\u00f1a<\/div><div class='av-catalogue-price'><\/div><\/div><div class=\"av-catalogue-content\">\n<img loading=\"lazy\" decoding=\"async\" class=\"alignleft wp-image-60384\" src=\"https:\/\/seminaritaifa.org\/taifa\/wp-content\/uploads\/2021\/02\/libro-planeta-carrona-la-crisis-explicada-a-una-ciudadania-estafada-1-300x300.jpg\" alt=\"Planeta Carro\u00f1a\" width=\"150\" height=\"150\" srcset=\"https:\/\/seminaritaifa.org\/taifa\/wp-content\/uploads\/2021\/02\/libro-planeta-carrona-la-crisis-explicada-a-una-ciudadania-estafada-1.jpg 300w, https:\/\/seminaritaifa.org\/taifa\/wp-content\/uploads\/2021\/02\/libro-planeta-carrona-la-crisis-explicada-a-una-ciudadania-estafada-1-80x80.jpg 80w, https:\/\/seminaritaifa.org\/taifa\/wp-content\/uploads\/2021\/02\/libro-planeta-carrona-la-crisis-explicada-a-una-ciudadania-estafada-1-36x36.jpg 36w, https:\/\/seminaritaifa.org\/taifa\/wp-content\/uploads\/2021\/02\/libro-planeta-carrona-la-crisis-explicada-a-una-ciudadania-estafada-1-180x180.jpg 180w\" sizes=\"auto, (max-width: 150px) 100vw, 150px\" \/>En cada momento de crisis el capitalismo aprovecha para reestructurarse, para volver a buscar los mecanismos econ\u00f3micos y sociales que le permiten rehacerse y sobrevivir unos a\u00f1os m\u00e1s. La crisis est\u00e1 representando una magn\u00edfica oportunidad, la excusa perfecta para que los sectores dominantes de la sociedad contin\u00faen construyendo una sociedad a la medida de sus intereses. Los poderosos no s\u00f3lo consiguen evadir sus responsabilidades en el fracaso del modelo econ\u00f3mico sino que, gracias al consenso medi\u00e1tico y acad\u00e9mico, consiguen aplicar de manera conjunta todas aquellas pol\u00edticas que llevaban tiempo anhelando. Tal y como se est\u00e1 planteando, la salida de la crisis no es ninguna buena noticia para la mayor\u00eda de la poblaci\u00f3n. El resultado que se deriva de la aplicaci\u00f3n de las medidas que supuestamente sirven para superar la cr\u00edtica situaci\u00f3n actual: la reforma del mercado de trabajo, la reforma fiscal, los recortes presupuestarios, la reforma de las pensiones, etc., representan la estocada final al sue\u00f1o imposible de una sociedad capitalista con derechos sociales.<\/p>\n<p><a href=\"\/taifa\/publicacions\/llibres\/planeta-carrona\/\">M\u00e9s informaci\u00f3&#8230;<\/a><br \/>\n<\/div><\/div><\/a><\/li>\n<li><a href='https:\/\/seminaritaifa.org\/taifa\/publicacions\/llibres\/lhora-dels-voltors\/'  class='av-catalogue-item'><div class='av-catalogue-item-inner'><div class='av-catalogue-title-container'><div class='av-catalogue-title'>2013 L\u2019hora dels voltors: la crisi explicada a una ciutadania estafada<\/div><div class='av-catalogue-price'><\/div><\/div><div class=\"av-catalogue-content\">\n<img loading=\"lazy\" decoding=\"async\" class=\"wp-image-57438 alignleft\" src=\"https:\/\/seminaritaifa.org\/files\/2018\/06\/l-hora-del-voltors.-portada-59705.jpg\" alt=\"\" width=\"150\" height=\"230\" srcset=\"https:\/\/seminaritaifa.org\/taifa\/wp-content\/uploads\/2018\/06\/l-hora-del-voltors.-portada-59705.jpg 250w, https:\/\/seminaritaifa.org\/taifa\/wp-content\/uploads\/2018\/06\/l-hora-del-voltors.-portada-59705-195x300.jpg 195w\" sizes=\"auto, (max-width: 150px) 100vw, 150px\" \/>\u00abL\u2019hora dels voltors. La crisi explicada a una ciutadania estafada\u00bb pret\u00e9n posar el focus, de manera did\u00e0ctica i intel\u00b7ligible, a analitzar les raons de la persist\u00e8ncia de la depressi\u00f3 tant des d\u2019un punt de vista global com a escala dels Pa\u00efsos Catalans i mostrar com aquesta crisi s\u2019est\u00e0 convertint en l\u2019excusa perfecta per agenollar tota una societat als peus dels poderosos. A m\u00e9s, per\u00f2, tamb\u00e9 fa m\u00e9s palesa que mai la necessitat inajornable de cercar alternatives a un sistema fracassat, profundament injust i insolidari, per part de totes aquelles persones que aspiren a viure en una societat de persones lliures i a no ser tractades com a mercaderies.<\/p>\n<p><a href=\"\/taifa\/publicacions\/llibres\/lhora-dels-voltors\/\">M\u00e9s informaci\u00f3&#8230;.<\/a><br \/>\n<\/div><\/div><\/a><\/li>\n<li><a href='https:\/\/seminaritaifa.org\/taifa\/publicacions\/llibres\/que-pensiones-que-futuro-2\/'  class='av-catalogue-item'><div class='av-catalogue-item-inner'><div class='av-catalogue-title-container'><div class='av-catalogue-title'>2010: Qu\u00e9 pensiones, qu\u00e9 futuro. El estado de bienestar en el siglo XXI<\/div><div class='av-catalogue-price'><\/div><\/div><div class=\"av-catalogue-content\">\n<img loading=\"lazy\" decoding=\"async\" class=\"alignleft wp-image-60307\" src=\"https:\/\/seminaritaifa.org\/taifa\/wp-content\/uploads\/2021\/02\/qu\u251c\u0439-pensiones-que-futuro-188x300.jpg\" alt=\"Qu\u00e9 pensiones, qu\u00e9 futuro\" width=\"150\" height=\"240\" srcset=\"https:\/\/seminaritaifa.org\/taifa\/wp-content\/uploads\/2021\/02\/qu\u251c\u0439-pensiones-que-futuro-188x300.jpg 188w, https:\/\/seminaritaifa.org\/taifa\/wp-content\/uploads\/2021\/02\/qu\u251c\u0439-pensiones-que-futuro-442x705.jpg 442w, https:\/\/seminaritaifa.org\/taifa\/wp-content\/uploads\/2021\/02\/qu\u251c\u0439-pensiones-que-futuro.jpg 491w\" sizes=\"auto, (max-width: 150px) 100vw, 150px\" \/>Aquest llibre vol demostrar que els arguments dels poders econ\u00f2mics i institucionals que ens volen conv\u00e8ncer que \u00e9s inevitable que contractem una pensi\u00f3 privada s\u00f3n falsos i f\u00e0cilment refutables; que les pensions p\u00fabliques s\u00f3n sostenibles i que, ans el contrari, les pensions privades impliquen enormes riscos. Es presenten arguments que mostren que les pensions privades distarien molt de ser la soluci\u00f3 i que l\u2019inter\u00e8s d\u2019orientar les pensions a l\u2019esfera privada no obeeix a altre motiu que els interessos del capital financer.<\/p>\n<p><a href=\"\/taifa\/publicacions\/llibres\/que-pensiones-que-futuro-2\/\">M\u00e9s informaci\u00f3&#8230;<\/a><br \/>\n<\/div><\/div><\/a><\/li>\n<li><a href='https:\/\/seminaritaifa.org\/taifa\/publicacions\/llibres\/critica-a-leconomia-ortodoxa\/'  class='av-catalogue-item'><div class='av-catalogue-item-inner'><div class='av-catalogue-title-container'><div class='av-catalogue-title'>2004: Cr\u00edtica a la econom\u00eda ortodoxa<\/div><div class='av-catalogue-price'><\/div><\/div><div class=\"av-catalogue-content\">\n<img loading=\"lazy\" decoding=\"async\" class=\"alignleft wp-image-60314\" src=\"https:\/\/seminaritaifa.org\/taifa\/wp-content\/uploads\/2021\/02\/Llibre_CEO-Portada-216x300.png\" alt=\"Cr\u00edtica al la Econom\u00eda Ortodoxa\" width=\"150\" height=\"209\" srcset=\"https:\/\/seminaritaifa.org\/taifa\/wp-content\/uploads\/2021\/02\/Llibre_CEO-Portada-216x300.png 216w, https:\/\/seminaritaifa.org\/taifa\/wp-content\/uploads\/2021\/02\/Llibre_CEO-Portada.png 473w\" sizes=\"auto, (max-width: 150px) 100vw, 150px\" \/><\/p>\n<p><span class=\"\">Consisteix en revisar cr\u00edticament les escoles de pensament econ\u00f2mic ortodox m\u00e9s importants des dels cl\u00e0ssics fins a l\u2019actualitat, passant pels keynesians, neocl\u00e0ssics, etc. L\u2019estudi es basa principalment en una col\u00b7lecci\u00f3 de lectures ja editades pels assistents al seminari en anys anteriors. Aquest seminari est\u00e0 adre\u00e7at especialment a economistes o estudiants d\u2019economia, per\u00f2 no \u00e9s una condici\u00f3 necess\u00e0ria. El text de refer\u00e8ncia \u00e9s el llibre: Etxezarreta, Miren (coord.), <\/span><span class=\"i\"><i>Cr\u00edtica a la econom\u00eda ortodoxa<\/i><\/span><span class=\"\">. Bellaterra: Seminario de econom\u00eda cr\u00edtica Taifa. Universitat Aut\u00f2noma de Barcelona. Servei de Publicacions. 2004.<\/span><\/p>\n<p><a href=\"\/taifa\/publicacions\/llibres\/critica-a-leconomia-ortodoxa\/\">M\u00e9s informaci\u00f3&#8230;<\/a><br \/>\n<\/div><\/div><\/a><\/li>\n<li><a href='https:\/\/seminaritaifa.org\/taifa\/publicacions\/llibres\/globalizacion-capitalista\/'  class='av-catalogue-item'><div class='av-catalogue-item-inner'><div class='av-catalogue-title-container'><div class='av-catalogue-title'>2001: Globalizaci\u00f3n capitalista . luchas y resistencias<\/div><div class='av-catalogue-price'><\/div><\/div><div class=\"av-catalogue-content\">\n<img loading=\"lazy\" decoding=\"async\" class=\"alignleft wp-image-60283\" src=\"https:\/\/seminaritaifa.org\/taifa\/wp-content\/uploads\/2021\/02\/globalizaci\u251c\u2502n-capitalista-200x300.jpg\" alt=\"Globalizaci\u00f3n capitalista luchas y resistencias\" width=\"150\" height=\"225\" srcset=\"https:\/\/seminaritaifa.org\/taifa\/wp-content\/uploads\/2021\/02\/globalizaci\u251c\u2502n-capitalista-200x300.jpg 200w, https:\/\/seminaritaifa.org\/taifa\/wp-content\/uploads\/2021\/02\/globalizaci\u251c\u2502n-capitalista.jpg 333w\" sizes=\"auto, (max-width: 150px) 100vw, 150px\" \/>La globalizaci\u00f3n se ha convertido en uno de los temas centrales del debate pol\u00edtico de los \u00faltimos tiempos, sobre todo a ra\u00edz de la oposici\u00f3n creciente que generan los grandes encuentros de las instituciones como el Fondo Monetario Internacional y el Banco Mundial. Seattle signific\u00f3 el primer paso, al que siguieron otros como Praga o Niza, en la coordinaci\u00f3n de una lucha que como los efectos que combate tambi\u00e9n ha de ser global.<\/p>\n<p><a href=\"\/taifa\/publicacions\/llibres\/globalizacion-capitalista\/\">M\u00e9s informaci\u00f3&#8230;<\/a><br \/>\n<\/div><\/div><\/a><\/li>\n<li><a href='https:\/\/seminaritaifa.org\/taifa\/publicacions\/llibres\/la-agricultura-espanola-en-la-era-de-la-globalizacion\/'  class='av-catalogue-item'><div class='av-catalogue-item-inner'><div class='av-catalogue-title-container'><div class='av-catalogue-title'>2000: La agricultura espa\u00f1ola en la era de la globalizaci\u00f3n<\/div><div class='av-catalogue-price'><\/div><\/div><div class=\"av-catalogue-content\">\n<img loading=\"lazy\" decoding=\"async\" class=\"alignleft wp-image-60301\" src=\"https:\/\/seminaritaifa.org\/taifa\/wp-content\/uploads\/2021\/02\/0821168001536405357_la-agricultura-espaola-en-la-era-de-la-globalizacin_0-195x300.png\" alt=\"La agricultura espa\u00f1ola en la era de la globalizaci\u00f3n\" width=\"150\" height=\"231\" srcset=\"https:\/\/seminaritaifa.org\/taifa\/wp-content\/uploads\/2021\/02\/0821168001536405357_la-agricultura-espaola-en-la-era-de-la-globalizacin_0-195x300.png 195w, https:\/\/seminaritaifa.org\/taifa\/wp-content\/uploads\/2021\/02\/0821168001536405357_la-agricultura-espaola-en-la-era-de-la-globalizacin_0-668x1030.png 668w, https:\/\/seminaritaifa.org\/taifa\/wp-content\/uploads\/2021\/02\/0821168001536405357_la-agricultura-espaola-en-la-era-de-la-globalizacin_0-457x705.png 457w, https:\/\/seminaritaifa.org\/taifa\/wp-content\/uploads\/2021\/02\/0821168001536405357_la-agricultura-espaola-en-la-era-de-la-globalizacin_0.png 722w\" sizes=\"auto, (max-width: 150px) 100vw, 150px\" \/>Este libro est\u00e1 editado por Ministerio De Agricultura, Alimentaci\u00f3n Y Medio Ambiente. Fue fundada en 1996 y tiene su sede en Madrid. Tiene m\u00e1s de 2000 t\u00edtulos publicados. La editorial est\u00e1 especializada en Pol\u00edtica De Medio Ambiente, Recursos Naturales, Mapas De Clases Agrol\u00f3gicas (escala 1:50.000), Bosques Y Recursos Forestales, Mapas De Cultivos Y Aprovechamientos 1975-1980 (escala 1:50.000) entre otras.<\/p>\n<p><a href=\"\/taifa\/publicacions\/llibres\/la-agricultura-espanola-en-la-era-de-la-globalizacion\/\">M\u00e9s informaci\u00f3&#8230;<\/a><br \/>\n<\/div><\/div><\/a><\/li>\n<\/ul><\/div>\n","protected":false},"excerpt":{"rendered":"","protected":false},"author":5,"featured_media":0,"parent":39,"menu_order":0,"comment_status":"closed","ping_status":"closed","template":"","meta":{"footnotes":""},"class_list":["post-57375","page","type-page","status-publish","hentry"],"jetpack_sharing_enabled":true,"_links":{"self":[{"href":"https:\/\/seminaritaifa.org\/taifa\/wp-json\/wp\/v2\/pages\/57375","targetHints":{"allow":["GET"]}}],"collection":[{"href":"https:\/\/seminaritaifa.org\/taifa\/wp-json\/wp\/v2\/pages"}],"about":[{"href":"https:\/\/seminaritaifa.org\/taifa\/wp-json\/wp\/v2\/types\/page"}],"author":[{"embeddable":true,"href":"https:\/\/seminaritaifa.org\/taifa\/wp-json\/wp\/v2\/users\/5"}],"replies":[{"embeddable":true,"href":"https:\/\/seminaritaifa.org\/taifa\/wp-json\/wp\/v2\/comments?post=57375"}],"version-history":[{"count":10,"href":"https:\/\/seminaritaifa.org\/taifa\/wp-json\/wp\/v2\/pages\/57375\/revisions"}],"predecessor-version":[{"id":61088,"href":"https:\/\/seminaritaifa.org\/taifa\/wp-json\/wp\/v2\/pages\/57375\/revisions\/61088"}],"up":[{"embeddable":true,"href":"https:\/\/seminaritaifa.org\/taifa\/wp-json\/wp\/v2\/pages\/39"}],"wp:attachment":[{"href":"https:\/\/seminaritaifa.org\/taifa\/wp-json\/wp\/v2\/media?parent=57375"}],"curies":[{"name":"wp","href":"https:\/\/api.w.org\/{rel}","templated":true}]}}